{"id":30,"date":"2015-04-13T00:37:32","date_gmt":"2015-04-12T23:37:32","guid":{"rendered":"http:\/\/taennlegeister.de\/wordpress\/?page_id=30"},"modified":"2025-10-27T14:02:58","modified_gmt":"2025-10-27T13:02:58","slug":"das-haes","status":"publish","type":"page","link":"https:\/\/taennlegeister.de\/crm\/das-haes\/","title":{"rendered":"Das H\u00e4s"},"content":{"rendered":"<div data-colibri-id=\"30-c1\" class=\"style-318 style-local-30-c1 position-relative\">\n  <!---->\n  <div data-colibri-component=\"section\" data-colibri-id=\"30-c2\" id=\"about\" class=\"h-section h-section-global-spacing d-flex align-items-lg-center align-items-md-center align-items-center style-364 style-local-30-c2 position-relative\">\n    <!---->\n    <!---->\n    <div class=\"h-section-grid-container h-section-boxed-container\">\n      <!---->\n      <div data-colibri-id=\"30-c3\" class=\"h-row-container gutters-row-lg-0 gutters-row-md-0 gutters-row-0 gutters-row-v-lg-0 gutters-row-v-md-0 gutters-row-v-0 style-365 style-local-30-c3 position-relative\">\n        <!---->\n        <div class=\"h-row justify-content-lg-center justify-content-md-center justify-content-center align-items-lg-stretch align-items-md-stretch align-items-stretch gutters-col-lg-0 gutters-col-md-0 gutters-col-0 gutters-col-v-lg-0 gutters-col-v-md-0 gutters-col-v-0\">\n          <!---->\n          <div class=\"h-column h-column-container d-flex h-col-lg-auto h-col-md-auto h-col-auto style-366-outer style-local-30-c4-outer\">\n            <div data-colibri-id=\"30-c4\" class=\"d-flex h-flex-basis h-column__inner h-ui-empty-state-container h-px-lg-0 h-px-md-0 h-px-0 v-inner-lg-0 v-inner-md-0 v-inner-0 style-366 style-local-30-c4 position-relative\">\n              <!---->\n              <!---->\n              <div class=\"w-100 h-y-container h-column__content h-column__v-align flex-basis-100\">\n                <!---->\n              <\/div>\n            <\/div>\n          <\/div>\n          <div class=\"h-column h-column-container d-flex h-col-lg-auto h-col-md-auto h-col-auto style-367-outer style-local-30-c5-outer\">\n            <div data-colibri-id=\"30-c5\" class=\"d-flex h-flex-basis h-column__inner h-px-lg-2 h-px-md-2 h-px-2 v-inner-lg-2 v-inner-md-2 v-inner-2 style-367 style-local-30-c5 position-relative\">\n              <!---->\n              <!---->\n              <div class=\"w-100 h-y-container h-column__content h-column__v-align flex-basis-100 align-self-lg-start align-self-md-start align-self-start\">\n                <!---->\n                <div data-colibri-id=\"30-c6\" class=\"h-global-transition-all h-heading style-368 style-local-30-c6 position-relative h-element\">\n                  <!---->\n                  <div class=\"h-heading__outer style-368 style-local-30-c6\">\n                    <!---->\n                    <!---->\n                    <h5 class=\"\">Farben des Waldes \/ Bl\u00e4tzle<\/h5>\n                  <\/div>\n                <\/div>\n                <div data-colibri-id=\"30-c7\" class=\"h-text h-text-component style-370 style-local-30-c7 position-relative h-element\">\n                  <!---->\n                  <!---->\n                  <div class=\"\">\n                    <p><span style=\"font-weight: 400; font-size: 16px; font-family: &quot;Open Sans&quot;; color: rgb(70, 112, 127);\">Unser H\u00e4s, soll die Farben des Waldes darstellen. Deshalb besteht es aus wappenf\u00f6rmigen Flecken (Bl\u00e4tzle), die die Farben braun, gr\u00fcn und grau haben<\/span><\/p>\n                    <p><span style=\"font-weight: 400; font-size: 16px; font-family: &quot;Open Sans&quot;; color: rgb(70, 112, 127);\">Es sind ca. 1200 St\u00fcck Bl\u00e4tzle am H\u00e4s, die von den Mitglieder selber auszustanzen sind. Die Bl\u00e4tzle sind in einer bestimmten Reihenfolge und Reihen angen\u00e4ht.<\/span><\/p>\n                  <\/div>\n                <\/div>\n              <\/div>\n            <\/div>\n          <\/div>\n        <\/div>\n      <\/div>\n    <\/div>\n  <\/div>\n  <div data-colibri-component=\"section\" data-colibri-id=\"30-c8\" id=\"about\" class=\"h-section h-section-global-spacing d-flex align-items-lg-center align-items-md-center align-items-center style-364 style-local-30-c8 position-relative\">\n    <!---->\n    <!---->\n    <div class=\"h-section-grid-container h-section-boxed-container\">\n      <!---->\n      <div data-colibri-id=\"30-c9\" class=\"h-row-container gutters-row-lg-0 gutters-row-md-0 gutters-row-0 gutters-row-v-lg-0 gutters-row-v-md-0 gutters-row-v-0 style-365 style-local-30-c9 position-relative\">\n        <!---->\n        <div class=\"h-row justify-content-lg-center justify-content-md-center justify-content-center align-items-lg-stretch align-items-md-stretch align-items-stretch gutters-col-lg-0 gutters-col-md-0 gutters-col-0 gutters-col-v-lg-0 gutters-col-v-md-0 gutters-col-v-0\">\n          <!---->\n          <div class=\"h-column h-column-container d-flex h-col-lg-auto h-col-md-auto h-col-auto style-371-outer style-local-30-c10-outer\">\n            <div data-colibri-id=\"30-c10\" class=\"d-flex h-flex-basis h-column__inner h-ui-empty-state-container h-px-lg-0 h-px-md-0 h-px-0 v-inner-lg-0 v-inner-md-0 v-inner-0 style-371 style-local-30-c10 position-relative\">\n              <!---->\n              <!---->\n              <div class=\"w-100 h-y-container h-column__content h-column__v-align flex-basis-100\">\n                <!---->\n              <\/div>\n            <\/div>\n          <\/div>\n          <div class=\"h-column h-column-container d-flex h-col-lg-auto h-col-md-auto h-col-auto style-367-outer style-local-30-c11-outer\">\n            <div data-colibri-id=\"30-c11\" class=\"d-flex h-flex-basis h-column__inner h-px-lg-2 h-px-md-2 h-px-2 v-inner-lg-2 v-inner-md-2 v-inner-2 style-367 style-local-30-c11 position-relative\">\n              <!---->\n              <!---->\n              <div class=\"w-100 h-y-container h-column__content h-column__v-align flex-basis-100 align-self-lg-start align-self-md-start align-self-start\">\n                <!---->\n                <div data-colibri-id=\"30-c12\" class=\"h-global-transition-all h-heading style-368 style-local-30-c12 position-relative h-element\">\n                  <!---->\n                  <div class=\"h-heading__outer style-368 style-local-30-c12\">\n                    <!---->\n                    <!---->\n                    <h5 class=\"\">Die Schemme<\/h5>\n                  <\/div>\n                <\/div>\n                <div data-colibri-id=\"30-c13\" class=\"h-text h-text-component style-370 style-local-30-c13 position-relative h-element\">\n                  <!---->\n                  <!---->\n                  <div class=\"\">\n                    <p><span style=\"font-weight: 400; font-size: 16px; font-family: &quot;Open Sans&quot;; color: rgb(70, 112, 127);\">Die Holzmaske stellt die Soldatentanne in Form von \u00c4sten und Kerben da. Das Gesicht soll das Leiden des sterbenden Soldaten darstellen, das von den Wurzeln der Tanne, unter der er begraben liegt gefangen ist. Auf dem Schemmentuch der Maske befinden sich aufgen\u00e4hte \u00c4ste, neun hellklingende Gl\u00f6ckchen, sowie der Fuchsschwanz der die Schlauheit der Narren verdeutlichen soll. Die Vorstandschaft tr\u00e4gt zwei, der Vorstand und sein Vertreter drei Fuchsschw\u00e4nze, die \u00fcbrigen aktiven Mitglieder tragen einen.<\/span>\n                      <br><span style=\"font-weight: 400; font-size: 16px; font-family: &quot;Open Sans&quot;; color: rgb(70, 112, 127);\">Wir tragen zum H\u00e4s schwarze Stiefel und schwarze Handschuhe, ein braunes Halstuch ist auch immer mit zuf\u00fchren.<\/span>\n                      <br><span style=\"font-weight: 400; font-size: 16px; font-family: &quot;Open Sans&quot;; color: rgb(70, 112, 127);\">Als Zusatz zu den Umz\u00fcgen haben wir einen Stock oder Zuckerletaschen dabei<\/span><\/p>\n                  <\/div>\n                <\/div>\n              <\/div>\n            <\/div>\n          <\/div>\n        <\/div>\n      <\/div>\n    <\/div>\n  <\/div>\n  <div data-colibri-component=\"section\" data-colibri-id=\"30-c14\" id=\"about\" class=\"h-section h-section-global-spacing d-flex align-items-lg-center align-items-md-center align-items-center style-364 style-local-30-c14 position-relative\">\n    <!---->\n    <!---->\n    <div class=\"h-section-grid-container h-section-boxed-container\">\n      <!---->\n      <div data-colibri-id=\"30-c15\" class=\"h-row-container gutters-row-lg-0 gutters-row-md-0 gutters-row-0 gutters-row-v-lg-0 gutters-row-v-md-0 gutters-row-v-0 style-365 style-local-30-c15 position-relative\">\n        <!---->\n        <div class=\"h-row justify-content-lg-center justify-content-md-center justify-content-center align-items-lg-stretch align-items-md-stretch align-items-stretch gutters-col-lg-0 gutters-col-md-0 gutters-col-0 gutters-col-v-lg-0 gutters-col-v-md-0 gutters-col-v-0\">\n          <!---->\n          <div class=\"h-column h-column-container d-flex h-col-lg-auto h-col-md-auto h-col-auto style-372-outer style-local-30-c16-outer\">\n            <div data-colibri-id=\"30-c16\" class=\"d-flex h-flex-basis h-column__inner h-ui-empty-state-container h-px-lg-0 h-px-md-0 h-px-0 v-inner-lg-0 v-inner-md-0 v-inner-0 style-372 style-local-30-c16 position-relative\">\n              <!---->\n              <!---->\n              <div class=\"w-100 h-y-container h-column__content h-column__v-align flex-basis-100\">\n                <!---->\n              <\/div>\n            <\/div>\n          <\/div>\n          <div class=\"h-column h-column-container d-flex h-col-lg-auto h-col-md-auto h-col-auto style-367-outer style-local-30-c17-outer\">\n            <div data-colibri-id=\"30-c17\" class=\"d-flex h-flex-basis h-column__inner h-px-lg-2 h-px-md-2 h-px-2 v-inner-lg-2 v-inner-md-2 v-inner-2 style-367 style-local-30-c17 position-relative\">\n              <!---->\n              <!---->\n              <div class=\"w-100 h-y-container h-column__content h-column__v-align flex-basis-100 align-self-lg-start align-self-md-start align-self-start\">\n                <!---->\n                <div data-colibri-id=\"30-c18\" class=\"h-global-transition-all h-heading style-368 style-local-30-c18 position-relative h-element\">\n                  <!---->\n                  <div class=\"h-heading__outer style-368 style-local-30-c18\">\n                    <!---->\n                    <!---->\n                    <h5 class=\"\">Der Stachi<\/h5>\n                  <\/div>\n                <\/div>\n                <div data-colibri-id=\"30-c19\" class=\"h-text h-text-component style-370 style-local-30-c19 position-relative h-element\">\n                  <!---->\n                  <!---->\n                  <div class=\"\">\n                    <p><span style=\"color: rgb(70, 112, 127); font-family: &quot;Open Sans&quot;; font-size: 16px; font-weight: 400;\">Unter unserem H\u00e4s, tragen wir unseren Stachi (Bauernkittel) Auf der Vorderseite ist unser Vereinswappen aufgen\u00e4ht und auf der R\u00fcckseite ist unsere Schemme mit der Soldatentanne aufgedruckt<\/span><\/p>\n                  <\/div>\n                <\/div>\n                <div data-colibri-id=\"30-c20\" class=\"style-492 style-local-30-c20 position-relative h-element\">\n                  <!---->\n                <\/div>\n                <div data-colibri-id=\"30-c21\" data-aos=\"zoomIn\" class=\"d-block style-491 style-local-30-c21 position-relative h-element\">\n                  <!---->\n                  <div class=\"h-image__frame-container-outer\">\n                    <div class=\"h-image__frame-container\">\n                      <!---->\n                      <!---->\n                      <img data-recalc-dims=\"1\" loading=\"lazy\" decoding=\"async\" width=\"2044\" height=\"2560\" data-attachment-id=\"9966\" data-permalink=\"https:\/\/taennlegeister.de\/crm\/20250422_163117167_ios\/\" data-orig-file=\"https:\/\/i0.wp.com\/taennlegeister.de\/crm\/wp-content\/uploads\/2025\/04\/20250422_163117167_iOS-scaled.jpg?fit=2044%2C2560&amp;ssl=1\" data-orig-size=\"2044,2560\" data-comments-opened=\"0\" data-image-meta=\"{&quot;aperture&quot;:&quot;2.2&quot;,&quot;credit&quot;:&quot;&quot;,&quot;camera&quot;:&quot;iPhone 16 Pro&quot;,&quot;caption&quot;:&quot;&quot;,&quot;created_timestamp&quot;:&quot;1745339477&quot;,&quot;copyright&quot;:&quot;&quot;,&quot;focal_length&quot;:&quot;2.22000002861&quot;,&quot;iso&quot;:&quot;320&quot;,&quot;shutter_speed&quot;:&quot;0.0111111111111&quot;,&quot;title&quot;:&quot;&quot;,&quot;orientation&quot;:&quot;0&quot;}\" data-image-title=\"20250422_163117167_iOS\" data-image-description=\"\" data-image-caption=\"\" data-large-file=\"https:\/\/i0.wp.com\/taennlegeister.de\/crm\/wp-content\/uploads\/2025\/04\/20250422_163117167_iOS-scaled.jpg?fit=818%2C1024&amp;ssl=1\" src=\"https:\/\/i0.wp.com\/taennlegeister.de\/crm\/wp-content\/uploads\/2025\/04\/20250422_163117167_iOS-scaled.jpg?resize=2044%2C2560&#038;ssl=1\" class=\"wp-image-9966 style-491-image style-local-30-c21-image\" alt=\"\" srcset=\"https:\/\/i0.wp.com\/taennlegeister.de\/crm\/wp-content\/uploads\/2025\/04\/20250422_163117167_iOS-scaled.jpg?w=2044&amp;ssl=1 2044w, https:\/\/i0.wp.com\/taennlegeister.de\/crm\/wp-content\/uploads\/2025\/04\/20250422_163117167_iOS-scaled.jpg?resize=240%2C300&amp;ssl=1 240w, https:\/\/i0.wp.com\/taennlegeister.de\/crm\/wp-content\/uploads\/2025\/04\/20250422_163117167_iOS-scaled.jpg?resize=818%2C1024&amp;ssl=1 818w, https:\/\/i0.wp.com\/taennlegeister.de\/crm\/wp-content\/uploads\/2025\/04\/20250422_163117167_iOS-scaled.jpg?resize=768%2C962&amp;ssl=1 768w, https:\/\/i0.wp.com\/taennlegeister.de\/crm\/wp-content\/uploads\/2025\/04\/20250422_163117167_iOS-scaled.jpg?resize=1227%2C1536&amp;ssl=1 1227w, https:\/\/i0.wp.com\/taennlegeister.de\/crm\/wp-content\/uploads\/2025\/04\/20250422_163117167_iOS-scaled.jpg?resize=1635%2C2048&amp;ssl=1 1635w\" sizes=\"auto, (max-width: 1000px) 100vw, 1000px\" \/>\n                      <div class=\"h-image__frame h-hide-lg h-hide-md h-hide-sm style-491-frameImage style-local-30-c21-frameImage\"><\/div>\n                    <\/div>\n                  <\/div>\n                <\/div>\n              <\/div>\n            <\/div>\n          <\/div>\n        <\/div>\n      <\/div>\n      <div data-colibri-id=\"30-c26\" class=\"h-row-container gutters-row-lg-2 gutters-row-md-2 gutters-row-0 gutters-row-v-lg-2 gutters-row-v-md-2 gutters-row-v-2 style-523 style-local-30-c26 position-relative\">\n        <!---->\n        <div class=\"h-row justify-content-lg-center justify-content-md-center justify-content-center align-items-lg-stretch align-items-md-stretch align-items-stretch gutters-col-lg-2 gutters-col-md-2 gutters-col-0 gutters-col-v-lg-2 gutters-col-v-md-2 gutters-col-v-2\">\n          <!---->\n          <div class=\"h-column h-column-container d-flex h-col-lg-auto h-col-md-auto h-col-auto style-524-outer style-local-30-c27-outer\">\n            <div data-colibri-id=\"30-c27\" class=\"d-flex h-flex-basis h-column__inner h-px-lg-2 h-px-md-2 h-px-2 v-inner-lg-2 v-inner-md-2 v-inner-2 style-524 style-local-30-c27 position-relative\">\n              <!---->\n              <!---->\n              <div class=\"w-100 h-y-container h-column__content h-column__v-align flex-basis-100 align-self-lg-start align-self-md-start align-self-start\">\n                <!---->\n                <div data-colibri-id=\"30-c28\" class=\"style-525 style-local-30-c28 position-relative h-element\">\n                  <!---->\n                <\/div>\n              <\/div>\n            <\/div>\n          <\/div>\n        <\/div>\n      <\/div>\n      <div data-colibri-id=\"30-c22\" class=\"h-row-container gutters-row-lg-2 gutters-row-md-2 gutters-row-0 gutters-row-v-lg-2 gutters-row-v-md-2 gutters-row-v-2 style-519 style-local-30-c22 position-relative\">\n        <!---->\n        <div class=\"h-row justify-content-lg-center justify-content-md-center justify-content-center align-items-lg-stretch align-items-md-stretch align-items-stretch gutters-col-lg-2 gutters-col-md-2 gutters-col-0 gutters-col-v-lg-2 gutters-col-v-md-2 gutters-col-v-2\">\n          <!---->\n          <div class=\"h-column h-column-container d-flex h-col-lg-auto h-col-md-auto h-col-auto style-520-outer style-local-30-c23-outer\">\n            <div data-colibri-id=\"30-c23\" class=\"d-flex h-flex-basis h-column__inner h-px-lg-2 h-px-md-2 h-px-2 v-inner-lg-2 v-inner-md-2 v-inner-2 style-520 style-local-30-c23 position-relative\">\n              <!---->\n              <!---->\n              <div class=\"w-100 h-y-container h-column__content h-column__v-align flex-basis-100 align-self-lg-start align-self-md-start align-self-start\">\n                <!---->\n                <div data-colibri-id=\"30-c32\" class=\"h-global-transition-all h-heading style-529 style-local-30-c32 position-relative h-element\">\n                  <!---->\n                  <div class=\"h-heading__outer style-529 style-local-30-c32\">\n                    <!---->\n                    <!---->\n                    <h3 class=\"\">Hier findet ihr unsere aktuelle H\u00e4str\u00e4gerordnung<\/h3>\n                  <\/div>\n                <\/div>\n                <div data-colibri-id=\"30-c24\" class=\"h-x-container style-521 style-local-30-c24 position-relative h-element\">\n                  <!---->\n                  <div class=\"h-x-container-inner style-dynamic-30-c24-group style-521-spacing style-local-30-c24-spacing\"><span class=\"h-link__outer style-522-outer style-local-30-c25-outer d-inline-flex h-element\"><a h-use-smooth-scroll=\"true\" href=\"https:\/\/taennlegeister.de\/crm\/wp-content\/uploads\/2025\/10\/Haestraegerordnung_ab_2026.pdf\" target=\"_blank\"  data-colibri-id=\"30-c25\" class=\"d-flex w-100 align-items-center h-link style-522 style-local-30-c25 position-relative\"><!----><!----> <span>H\u00e4str\u00e4gerordnung ab 2026<\/span><\/a>\n                    <\/span>\n                  <\/div>\n                <\/div>\n              <\/div>\n            <\/div>\n          <\/div>\n        <\/div>\n      <\/div>\n    <\/div>\n  <\/div>\n<\/div>","protected":false},"excerpt":{"rendered":"<p>Farben des Waldes \/ Bl\u00e4tzle Unser H\u00e4s, soll die Farben des Waldes darstellen. Deshalb besteht es aus wappenf\u00f6rmigen Flecken (Bl\u00e4tzle), die die Farben braun, gr\u00fcn und grau haben Es sind [&hellip;]<\/p>\n","protected":false},"author":1,"featured_media":0,"parent":0,"menu_order":2,"comment_status":"closed","ping_status":"closed","template":"page-templates\/full-width-page.php","meta":{"footnotes":""},"class_list":["post-30","page","type-page","status-publish","hentry"],"jetpack_shortlink":"https:\/\/wp.me\/P6XNT5-u","jetpack-related-posts":[{"id":8346,"url":"https:\/\/taennlegeister.de\/crm\/colibri-wp\/","url_meta":{"origin":30,"position":0},"title":"Willkommen","author":"Michael Schill","date":"16. April 2025","format":false,"excerpt":"Mit unserem 3 fachen Narrenruf \"T\u00e4nnle-Geister\"hei\u00dfen wir dich auf unsere Homepage Herzlich WillkommenAuf der Seite findest du allerlei Wissenswertes \u00fcber uns Ob Historie, Unser H\u00e4s, das sch\u00f6ne Gedicht der T\u00e4nnlegeister oder auch aktuelles wie unserer Termine, Ausfahrten oder Veranstaltungen. \u2026. es ist alles auf unserer Website zu finden. Sollte doch\u2026","rel":"","context":"\u00c4hnlicher Beitrag","block_context":{"text":"\u00c4hnlicher Beitrag","link":""},"img":{"alt_text":"","src":"https:\/\/i0.wp.com\/taennlegeister.de\/crm\/wp-content\/uploads\/2025\/04\/cropped-IMG_8564-scaled-1.jpeg?resize=350%2C200&ssl=1","width":350,"height":200,"srcset":"https:\/\/i0.wp.com\/taennlegeister.de\/crm\/wp-content\/uploads\/2025\/04\/cropped-IMG_8564-scaled-1.jpeg?resize=350%2C200&ssl=1 1x, https:\/\/i0.wp.com\/taennlegeister.de\/crm\/wp-content\/uploads\/2025\/04\/cropped-IMG_8564-scaled-1.jpeg?resize=525%2C300&ssl=1 1.5x, https:\/\/i0.wp.com\/taennlegeister.de\/crm\/wp-content\/uploads\/2025\/04\/cropped-IMG_8564-scaled-1.jpeg?resize=700%2C400&ssl=1 2x, https:\/\/i0.wp.com\/taennlegeister.de\/crm\/wp-content\/uploads\/2025\/04\/cropped-IMG_8564-scaled-1.jpeg?resize=1050%2C600&ssl=1 3x, https:\/\/i0.wp.com\/taennlegeister.de\/crm\/wp-content\/uploads\/2025\/04\/cropped-IMG_8564-scaled-1.jpeg?resize=1400%2C800&ssl=1 4x"},"classes":[]},{"id":121,"url":"https:\/\/taennlegeister.de\/crm\/das-gedicht-der-taennlegeister\/","url_meta":{"origin":30,"position":1},"title":"Das Gedicht der T\u00e4nnlegeister","author":"Michael Schill","date":"13. April 2015","format":false,"excerpt":"Unser Gedicht Der Vater \u00fcber die Heide schritt,\u00a0er hat genommen sein B\u00fcblein mit, \u201eSiehst, B\u00fcblein, du den Tannenbaum,\u00a0wie er einsam steht im \u00f6den Raum? Es m\u00f6gen jetzt vierzig Jahre sein,\u00a0da ward die Tanne gepflanzt ein. Es war ein landschwerer Krieg,\u00a0bald hatte der Kaiser, bald Frankreich den Sieg. Damals lag just\u2026","rel":"","context":"\u00c4hnlicher Beitrag","block_context":{"text":"\u00c4hnlicher Beitrag","link":""},"img":{"alt_text":"","src":"https:\/\/i0.wp.com\/taennlegeister.de\/crm\/wp-content\/uploads\/2015\/04\/Gedicht.jpg?fit=1024%2C576&ssl=1&resize=350%2C200","width":350,"height":200,"srcset":"https:\/\/i0.wp.com\/taennlegeister.de\/crm\/wp-content\/uploads\/2015\/04\/Gedicht.jpg?fit=1024%2C576&ssl=1&resize=350%2C200 1x, https:\/\/i0.wp.com\/taennlegeister.de\/crm\/wp-content\/uploads\/2015\/04\/Gedicht.jpg?fit=1024%2C576&ssl=1&resize=525%2C300 1.5x, https:\/\/i0.wp.com\/taennlegeister.de\/crm\/wp-content\/uploads\/2015\/04\/Gedicht.jpg?fit=1024%2C576&ssl=1&resize=700%2C400 2x"},"classes":[]},{"id":27,"url":"https:\/\/taennlegeister.de\/crm\/vorgeschichte\/","url_meta":{"origin":30,"position":2},"title":"Vorgeschichte","author":"Michael Schill","date":"13. April 2015","format":false,"excerpt":"Unsere Geschichte 1806 hatte Tuningen \u00f6sterreichische Soldaten zur Besatzung. Die Ereignisse dieser Zeit bilden den historischen Hintergrund zu dem Gedicht \u201eDie Soldatentanne bei Tuningen\u201c von Max Schneckenburger, dem Dichter der \u201c Wacht am Rhein\u201c ( 1819 \u2013 1849 ). Die Soldatentanne war weit \u00fcber 100 Jahre nicht nur in Tuningen,\u2026","rel":"","context":"\u00c4hnlicher Beitrag","block_context":{"text":"\u00c4hnlicher Beitrag","link":""},"img":{"alt_text":"","src":"https:\/\/i0.wp.com\/taennlegeister.de\/crm\/wp-content\/uploads\/2015\/04\/Vorgeschichte.jpg?fit=1024%2C682&ssl=1&resize=350%2C200","width":350,"height":200,"srcset":"https:\/\/i0.wp.com\/taennlegeister.de\/crm\/wp-content\/uploads\/2015\/04\/Vorgeschichte.jpg?fit=1024%2C682&ssl=1&resize=350%2C200 1x, https:\/\/i0.wp.com\/taennlegeister.de\/crm\/wp-content\/uploads\/2015\/04\/Vorgeschichte.jpg?fit=1024%2C682&ssl=1&resize=525%2C300 1.5x, https:\/\/i0.wp.com\/taennlegeister.de\/crm\/wp-content\/uploads\/2015\/04\/Vorgeschichte.jpg?fit=1024%2C682&ssl=1&resize=700%2C400 2x"},"classes":[]},{"id":65,"url":"https:\/\/taennlegeister.de\/crm\/gruendungsprotokoll\/","url_meta":{"origin":30,"position":3},"title":"Gr\u00fcndungsprotokoll","author":"Michael Schill","date":"13. April 2015","format":false,"excerpt":"Gr\u00fcndung Tuningen 28.04.1994 Gr\u00fcndungsversammlung um 20:00 Uhr im Gasthaus Bachstube in Tuningen Wahlleiter Roman Schneckenburger Protokoll: Die Wahl wurde per Aklamation durchgef\u00fchrt. Die Ergebnisse waren einstimmig TOP 1: Wahl der Vorstandschaft 1. Vorstand Uwe Bioni 2. Vorstand Thomas Schnekenburger 1. Bl\u00e4tzlemeister Uwe Plonka 2. Bl\u00e4tzlemeister Hartmut Gruhler 1. Schatzmeisterin Andrea\u2026","rel":"","context":"\u00c4hnlicher Beitrag","block_context":{"text":"\u00c4hnlicher Beitrag","link":""},"img":{"alt_text":"","src":"https:\/\/i0.wp.com\/taennlegeister.de\/crm\/wp-content\/uploads\/2015\/04\/Gr%C3%BCnderprotokoll.jpg?fit=1024%2C782&ssl=1&resize=350%2C200","width":350,"height":200,"srcset":"https:\/\/i0.wp.com\/taennlegeister.de\/crm\/wp-content\/uploads\/2015\/04\/Gr%C3%BCnderprotokoll.jpg?fit=1024%2C782&ssl=1&resize=350%2C200 1x, https:\/\/i0.wp.com\/taennlegeister.de\/crm\/wp-content\/uploads\/2015\/04\/Gr%C3%BCnderprotokoll.jpg?fit=1024%2C782&ssl=1&resize=525%2C300 1.5x, https:\/\/i0.wp.com\/taennlegeister.de\/crm\/wp-content\/uploads\/2015\/04\/Gr%C3%BCnderprotokoll.jpg?fit=1024%2C782&ssl=1&resize=700%2C400 2x"},"classes":[]}],"jetpack_sharing_enabled":true,"_links":{"self":[{"href":"https:\/\/taennlegeister.de\/crm\/wp-json\/wp\/v2\/pages\/30","targetHints":{"allow":["GET"]}}],"collection":[{"href":"https:\/\/taennlegeister.de\/crm\/wp-json\/wp\/v2\/pages"}],"about":[{"href":"https:\/\/taennlegeister.de\/crm\/wp-json\/wp\/v2\/types\/page"}],"author":[{"embeddable":true,"href":"https:\/\/taennlegeister.de\/crm\/wp-json\/wp\/v2\/users\/1"}],"replies":[{"embeddable":true,"href":"https:\/\/taennlegeister.de\/crm\/wp-json\/wp\/v2\/comments?post=30"}],"version-history":[{"count":20,"href":"https:\/\/taennlegeister.de\/crm\/wp-json\/wp\/v2\/pages\/30\/revisions"}],"predecessor-version":[{"id":10191,"href":"https:\/\/taennlegeister.de\/crm\/wp-json\/wp\/v2\/pages\/30\/revisions\/10191"}],"wp:attachment":[{"href":"https:\/\/taennlegeister.de\/crm\/wp-json\/wp\/v2\/media?parent=30"}],"curies":[{"name":"wp","href":"https:\/\/api.w.org\/{rel}","templated":true}]}}