{"id":10312,"date":"2025-11-28T12:34:51","date_gmt":"2025-11-28T11:34:51","guid":{"rendered":"https:\/\/taennlegeister.de\/crm\/?post_type=tribe_events&#038;p=10312"},"modified":"2026-02-02T09:47:04","modified_gmt":"2026-02-02T08:47:04","slug":"nachtumzug-hochemmingen","status":"publish","type":"tribe_events","link":"https:\/\/taennlegeister.de\/crm\/event\/nachtumzug-hochemmingen\/","title":{"rendered":"Nachtumzug Hochemmingen"},"content":{"rendered":"<p>Beginn: 19:00 Uhr<br \/>\nAufstellung in der Reutestra\u00dfe<br \/>\nStartplatz: 9<br \/>\nEinlassb\u00e4ndel f\u00fcr die Bergweghalle liegen bei der Besenwirtschaft der Feuerwehr f\u00fcr uns bereit<br \/>\nDer erste Bus auf der R\u00fcckfahrt von Tuttlingen f\u00e4hrt nur bis Tuningen.<br \/>\nDer zweite Bus f\u00e4hrt dann direkt nach Hochemmingen<\/p>\n<p>Eigene R\u00fcckfahrt \/ Heimkehr von Hochemmingen einplanen<\/p>\n<p><a href=\"https:\/\/i0.wp.com\/taennlegeister.de\/crm\/wp-content\/uploads\/2025\/11\/Plan-Hochemmingen.png?ssl=1\"><img data-recalc-dims=\"1\" loading=\"lazy\" decoding=\"async\" data-attachment-id=\"10609\" data-permalink=\"https:\/\/taennlegeister.de\/crm\/event\/nachtumzug-hochemmingen\/plan-hochemmingen\/\" data-orig-file=\"https:\/\/i0.wp.com\/taennlegeister.de\/crm\/wp-content\/uploads\/2025\/11\/Plan-Hochemmingen.png?fit=1047%2C905&amp;ssl=1\" data-orig-size=\"1047,905\" data-comments-opened=\"0\" data-image-meta=\"{&quot;aperture&quot;:&quot;0&quot;,&quot;credit&quot;:&quot;&quot;,&quot;camera&quot;:&quot;&quot;,&quot;caption&quot;:&quot;&quot;,&quot;created_timestamp&quot;:&quot;0&quot;,&quot;copyright&quot;:&quot;&quot;,&quot;focal_length&quot;:&quot;0&quot;,&quot;iso&quot;:&quot;0&quot;,&quot;shutter_speed&quot;:&quot;0&quot;,&quot;title&quot;:&quot;&quot;,&quot;orientation&quot;:&quot;0&quot;}\" data-image-title=\"Plan Hochemmingen\" data-image-description=\"\" data-image-caption=\"\" data-large-file=\"https:\/\/i0.wp.com\/taennlegeister.de\/crm\/wp-content\/uploads\/2025\/11\/Plan-Hochemmingen.png?fit=1024%2C885&amp;ssl=1\" class=\"aligncenter size-medium wp-image-10609\" src=\"https:\/\/i0.wp.com\/taennlegeister.de\/crm\/wp-content\/uploads\/2025\/11\/Plan-Hochemmingen.png?resize=300%2C259&#038;ssl=1\" alt=\"\" width=\"300\" height=\"259\" srcset=\"https:\/\/i0.wp.com\/taennlegeister.de\/crm\/wp-content\/uploads\/2025\/11\/Plan-Hochemmingen.png?resize=300%2C259&amp;ssl=1 300w, https:\/\/i0.wp.com\/taennlegeister.de\/crm\/wp-content\/uploads\/2025\/11\/Plan-Hochemmingen.png?resize=1024%2C885&amp;ssl=1 1024w, https:\/\/i0.wp.com\/taennlegeister.de\/crm\/wp-content\/uploads\/2025\/11\/Plan-Hochemmingen.png?resize=768%2C664&amp;ssl=1 768w, https:\/\/i0.wp.com\/taennlegeister.de\/crm\/wp-content\/uploads\/2025\/11\/Plan-Hochemmingen.png?w=1047&amp;ssl=1 1047w\" sizes=\"auto, (max-width: 300px) 100vw, 300px\" \/><\/a><\/p>\n","protected":false},"excerpt":{"rendered":"<p>Beginn: 19:00 Uhr Aufstellung in der Reutestra\u00dfe Startplatz: 9 Einlassb\u00e4ndel f\u00fcr die Bergweghalle liegen bei der Besenwirtschaft der Feuerwehr f\u00fcr uns bereit Der erste Bus auf der R\u00fcckfahrt von Tuttlingen [&hellip;]<\/p>\n","protected":false},"author":1,"featured_media":0,"template":"","meta":{"_tribe_events_status":"","_tribe_events_status_reason":"","footnotes":""},"tags":[],"tribe_events_cat":[81,77],"class_list":["post-10312","tribe_events","type-tribe_events","status-publish","hentry","tribe_events_cat-nachtumzug","tribe_events_cat-umzug","cat_nachtumzug","cat_umzug"],"jetpack_sharing_enabled":true,"_links":{"self":[{"href":"https:\/\/taennlegeister.de\/crm\/wp-json\/wp\/v2\/tribe_events\/10312","targetHints":{"allow":["GET"]}}],"collection":[{"href":"https:\/\/taennlegeister.de\/crm\/wp-json\/wp\/v2\/tribe_events"}],"about":[{"href":"https:\/\/taennlegeister.de\/crm\/wp-json\/wp\/v2\/types\/tribe_events"}],"author":[{"embeddable":true,"href":"https:\/\/taennlegeister.de\/crm\/wp-json\/wp\/v2\/users\/1"}],"version-history":[{"count":3,"href":"https:\/\/taennlegeister.de\/crm\/wp-json\/wp\/v2\/tribe_events\/10312\/revisions"}],"predecessor-version":[{"id":10610,"href":"https:\/\/taennlegeister.de\/crm\/wp-json\/wp\/v2\/tribe_events\/10312\/revisions\/10610"}],"wp:attachment":[{"href":"https:\/\/taennlegeister.de\/crm\/wp-json\/wp\/v2\/media?parent=10312"}],"wp:term":[{"taxonomy":"post_tag","embeddable":true,"href":"https:\/\/taennlegeister.de\/crm\/wp-json\/wp\/v2\/tags?post=10312"},{"taxonomy":"tribe_events_cat","embeddable":true,"href":"https:\/\/taennlegeister.de\/crm\/wp-json\/wp\/v2\/tribe_events_cat?post=10312"}],"curies":[{"name":"wp","href":"https:\/\/api.w.org\/{rel}","templated":true}]}}